{"id":1887,"date":"2022-10-29T12:25:03","date_gmt":"2022-10-29T12:25:03","guid":{"rendered":"https:\/\/bunkermuseumantwerpen.be\/?page_id=1887"},"modified":"2024-10-05T21:13:21","modified_gmt":"2024-10-05T21:13:21","slug":"bunkerdorp","status":"publish","type":"page","link":"https:\/\/bunkermuseumantwerpen.be\/en\/bunkerdorp\/","title":{"rendered":"Bunker village"},"content":{"rendered":"\t\t<div data-elementor-type=\"wp-page\" data-elementor-id=\"1887\" class=\"elementor elementor-1887\">\n\t\t\t\t\t\t<section class=\"elementor-section elementor-top-section elementor-element elementor-element-udfk9hq elementor-section-height-min-height elementor-section-boxed elementor-section-height-default elementor-section-items-middle elementor-invisible\" data-id=\"udfk9hq\" data-element_type=\"section\" data-e-type=\"section\" data-settings=\"{&quot;background_background&quot;:&quot;slideshow&quot;,&quot;animation&quot;:&quot;fadeIn&quot;,&quot;background_slideshow_gallery&quot;:[{&quot;id&quot;:1899,&quot;url&quot;:&quot;https:\\\/\\\/bunkermuseumantwerpen.be\\\/wp-content\\\/uploads\\\/2022\\\/10\\\/bunkerdorpfulldark-optim.jpg&quot;},{&quot;id&quot;:2366,&quot;url&quot;:&quot;https:\\\/\\\/bunkermuseumantwerpen.be\\\/wp-content\\\/uploads\\\/2022\\\/11\\\/Hq-air-optim.jpg&quot;}],&quot;background_slideshow_slide_duration&quot;:8000,&quot;background_slideshow_transition_duration&quot;:4000,&quot;background_slideshow_loop&quot;:&quot;yes&quot;,&quot;background_slideshow_slide_transition&quot;:&quot;fade&quot;}\">\n\t\t\t\t\t\t\t<div class=\"elementor-background-overlay\"><\/div>\n\t\t\t\t\t\t\t<div class=\"elementor-container elementor-column-gap-default\">\n\t\t\t\t\t<div class=\"elementor-column elementor-col-100 elementor-top-column elementor-element elementor-element-6a5337e\" data-id=\"6a5337e\" data-element_type=\"column\" data-e-type=\"column\">\n\t\t\t<div class=\"elementor-widget-wrap\">\n\t\t\t\t\t\t\t<\/div>\n\t\t<\/div>\n\t\t\t\t\t<\/div>\n\t\t<\/section>\n\t\t\t\t<section class=\"elementor-section elementor-top-section elementor-element elementor-element-08fd86d elementor-section-boxed elementor-section-height-default elementor-section-height-default\" data-id=\"08fd86d\" data-element_type=\"section\" data-e-type=\"section\">\n\t\t\t\t\t\t<div class=\"elementor-container elementor-column-gap-default\">\n\t\t\t\t\t<div class=\"elementor-column elementor-col-100 elementor-top-column elementor-element elementor-element-838b242\" data-id=\"838b242\" data-element_type=\"column\" data-e-type=\"column\">\n\t\t\t<div class=\"elementor-widget-wrap elementor-element-populated\">\n\t\t\t\t\t\t<div class=\"elementor-element elementor-element-024fa50 elementor-widget elementor-widget-heading\" data-id=\"024fa50\" data-element_type=\"widget\" data-e-type=\"widget\" data-widget_type=\"heading.default\">\n\t\t\t\t<div class=\"elementor-widget-container\">\n\t\t\t\t\t<h1 class=\"elementor-heading-title elementor-size-default\">Bunkerdorp<\/h1>\t\t\t\t<\/div>\n\t\t\t\t<\/div>\n\t\t\t\t\t<\/div>\n\t\t<\/div>\n\t\t\t\t\t<\/div>\n\t\t<\/section>\n\t\t\t\t<section class=\"elementor-section elementor-top-section elementor-element elementor-element-297292a elementor-section-boxed elementor-section-height-default elementor-section-height-default\" data-id=\"297292a\" data-element_type=\"section\" data-e-type=\"section\">\n\t\t\t\t\t\t<div class=\"elementor-container elementor-column-gap-default\">\n\t\t\t\t\t<div class=\"elementor-column elementor-col-50 elementor-top-column elementor-element elementor-element-38ddc84\" data-id=\"38ddc84\" data-element_type=\"column\" data-e-type=\"column\">\n\t\t\t<div class=\"elementor-widget-wrap elementor-element-populated\">\n\t\t\t\t\t\t<div class=\"elementor-element elementor-element-6a57cd8 elementor-widget elementor-widget-text-editor\" data-id=\"6a57cd8\" data-element_type=\"widget\" data-e-type=\"widget\" data-widget_type=\"text-editor.default\">\n\t\t\t\t<div class=\"elementor-widget-container\">\n\t\t\t\t\t\t\t\t\t<h2 class=\"font_3\">Van de vele constructies die tijdens W.O.2 in Park den Brandt en op het Wilrijkse plein verschenen blijven enkel de stevige bunkers over.<\/h2>\t\t\t\t\t\t\t\t<\/div>\n\t\t\t\t<\/div>\n\t\t\t\t\t<\/div>\n\t\t<\/div>\n\t\t\t\t<div class=\"elementor-column elementor-col-50 elementor-top-column elementor-element elementor-element-62e0217\" data-id=\"62e0217\" data-element_type=\"column\" data-e-type=\"column\">\n\t\t\t<div class=\"elementor-widget-wrap elementor-element-populated\">\n\t\t\t\t\t\t<div class=\"elementor-element elementor-element-e22ed4e elementor-widget elementor-widget-text-editor\" data-id=\"e22ed4e\" data-element_type=\"widget\" data-e-type=\"widget\" data-widget_type=\"text-editor.default\">\n\t\t\t\t<div class=\"elementor-widget-container\">\n\t\t\t\t\t\t\t\t\t<p>Vanaf 1942 werden voor het hoofdkwartier van het 89ste Legerkorps rond Park den Brandt woningen opge\u00ebist voor het inkwartieren van de\u00a0<span style=\"font-style: inherit; font-weight: inherit; background-color: var(--ast-global-color-5); color: var(--ast-global-color-3);\">Duitse militairen. Om hun taak onder vuur te kunnen uitvoeren zouden hier uiteindelijk ook 12 bunkers verschijnen en vele kleinere constructies zoals schuilplaatsen, garages, munitieopslagplaatsen, etc&#8230;<br \/><\/span><span style=\"font-style: inherit; font-weight: inherit; background-color: var(--ast-global-color-5); color: var(--ast-global-color-3);\">Samen met de 3 bunkers op de Wilrijkse pleinen vormen de 8 bunkers in het park zelf sinds 2004 een beschermd monument, beschreven als:<\/span><\/p><p>\u00a0<\/p>\t\t\t\t\t\t\t\t<\/div>\n\t\t\t\t<\/div>\n\t\t\t\t\t<\/div>\n\t\t<\/div>\n\t\t\t\t\t<\/div>\n\t\t<\/section>\n\t\t\t\t<section class=\"elementor-section elementor-top-section elementor-element elementor-element-kk60wuy elementor-section-boxed elementor-section-height-default elementor-section-height-default\" data-id=\"kk60wuy\" data-element_type=\"section\" data-e-type=\"section\" data-settings=\"{&quot;background_background&quot;:&quot;classic&quot;}\">\n\t\t\t\t\t\t<div class=\"elementor-container elementor-column-gap-default\">\n\t\t\t\t\t<div class=\"elementor-column elementor-col-100 elementor-top-column elementor-element elementor-element-ebb2ba7\" data-id=\"ebb2ba7\" data-element_type=\"column\" data-e-type=\"column\">\n\t\t\t<div class=\"elementor-widget-wrap elementor-element-populated\">\n\t\t\t\t\t\t<div class=\"elementor-element elementor-element-4299d7b elementor-widget elementor-widget-text-editor\" data-id=\"4299d7b\" data-element_type=\"widget\" data-e-type=\"widget\" data-widget_type=\"text-editor.default\">\n\t\t\t\t<div class=\"elementor-widget-container\">\n\t\t\t\t\t\t\t\t\t<p><i>&#8220;In zijn totaliteit het enige nog volledige intacte ensemble in Europa van een dergelijke commandopost.<br><\/i><i style=\"font-weight: inherit; background-color: var( --e-global-color-astglobalcolor4 ); color: var(--ast-global-color-3);\">Bovendien gekarakteriseerd door het voorkomen van eerder zeldzame types bunker.&#8221;<\/i><\/p>\t\t\t\t\t\t\t\t<\/div>\n\t\t\t\t<\/div>\n\t\t\t\t\t<\/div>\n\t\t<\/div>\n\t\t\t\t\t<\/div>\n\t\t<\/section>\n\t\t\t\t<section class=\"elementor-section elementor-top-section elementor-element elementor-element-2cabc1f elementor-section-boxed elementor-section-height-default elementor-section-height-default\" data-id=\"2cabc1f\" data-element_type=\"section\" data-e-type=\"section\">\n\t\t\t\t\t\t<div class=\"elementor-container elementor-column-gap-default\">\n\t\t\t\t\t<div class=\"elementor-column elementor-col-100 elementor-top-column elementor-element elementor-element-745fc95\" data-id=\"745fc95\" data-element_type=\"column\" data-e-type=\"column\">\n\t\t\t<div class=\"elementor-widget-wrap elementor-element-populated\">\n\t\t\t\t\t\t<section class=\"elementor-section elementor-inner-section elementor-element elementor-element-632c8bb elementor-section-boxed elementor-section-height-default elementor-section-height-default\" data-id=\"632c8bb\" data-element_type=\"section\" data-e-type=\"section\">\n\t\t\t\t\t\t<div class=\"elementor-container elementor-column-gap-default\">\n\t\t\t\t\t<div class=\"elementor-column elementor-col-50 elementor-inner-column elementor-element elementor-element-b9fc206\" data-id=\"b9fc206\" data-element_type=\"column\" data-e-type=\"column\">\n\t\t\t<div class=\"elementor-widget-wrap elementor-element-populated\">\n\t\t\t\t\t\t<div class=\"elementor-element elementor-element-9a34e6c elementor-widget elementor-widget-image\" data-id=\"9a34e6c\" data-element_type=\"widget\" data-e-type=\"widget\" data-widget_type=\"image.default\">\n\t\t\t\t<div class=\"elementor-widget-container\">\n\t\t\t\t\t\t\t\t\t\t\t\t\t\t\t<img fetchpriority=\"high\" decoding=\"async\" width=\"667\" height=\"365\" src=\"https:\/\/bunkermuseumantwerpen.be\/wp-content\/uploads\/2022\/10\/scheldecommando-optim.jpg\" class=\"attachment-large size-large wp-image-1920\" alt=\"\" srcset=\"https:\/\/bunkermuseumantwerpen.be\/wp-content\/uploads\/2022\/10\/scheldecommando-optim.jpg 667w, https:\/\/bunkermuseumantwerpen.be\/wp-content\/uploads\/2022\/10\/scheldecommando-optim-500x274.jpg 500w, https:\/\/bunkermuseumantwerpen.be\/wp-content\/uploads\/2022\/10\/scheldecommando-optim-150x82.jpg 150w, https:\/\/bunkermuseumantwerpen.be\/wp-content\/uploads\/2022\/10\/scheldecommando-optim-18x10.jpg 18w\" sizes=\"(max-width: 667px) 100vw, 667px\" \/>\t\t\t\t\t\t\t\t\t\t\t\t\t\t\t<\/div>\n\t\t\t\t<\/div>\n\t\t\t\t\t<\/div>\n\t\t<\/div>\n\t\t\t\t<div class=\"elementor-column elementor-col-50 elementor-inner-column elementor-element elementor-element-21a4d66\" data-id=\"21a4d66\" data-element_type=\"column\" data-e-type=\"column\">\n\t\t\t<div class=\"elementor-widget-wrap elementor-element-populated\">\n\t\t\t\t\t\t<div class=\"elementor-element elementor-element-db0f795 elementor-widget elementor-widget-text-editor\" data-id=\"db0f795\" data-element_type=\"widget\" data-e-type=\"widget\" data-widget_type=\"text-editor.default\">\n\t\t\t\t<div class=\"elementor-widget-container\">\n\t\t\t\t\t\t\t\t\t<p>Het korps met hoofdkwartier te Antwerpen werd op 2 augustus 1942 opgericht, aanvankelijk onder de naam &#8220;<i>Generalkommando Y&#8221; <\/i>wat een week later veranderd werd in de naam &#8220;<i>Schelde<\/i>&#8220;.&nbsp;<span style=\"background-color: var(--ast-global-color-5); color: var(--ast-global-color-3); font-size: 1rem;\">Haar &#8220;<i>K\u00fcstenverteidigungsabschnitt<\/i>&#8221; (KVA), de sector die o<\/span><span style=\"font-style: inherit; font-weight: inherit; background-color: var(--ast-global-color-5); color: var(--ast-global-color-3);\">nder haar commando viel, omvatte aanvankelijk Zeeland en slechts een deel van de Belgische kust. Vanaf<\/span><span style=\"background-color: var(--ast-global-color-5); color: var(--ast-global-color-3); font-size: 1rem;\">&nbsp;oktober 1942 volgde de uiteindelijke benaming &#8220;<i>LXXXIX (89.) AK.<\/i>&#8221; waaronder later ook de rest van de Belgische kust onder zou vallen. De&nbsp;KVA was in 3 KVA&#8217;s onderverdeeld waar tot in 1944 een 4de aan was toegevoegd om Antwerpen en haar haven zelf te verdedigen. Voor deze &#8220;<i>Abschnitt Antwerpen<\/i>&#8221; werd in het Antwerpse Stadspark een hoofdkwartier gebouwd met drie bunkers (2 x R608 en 1 x R622).<\/span><\/p>\t\t\t\t\t\t\t\t<\/div>\n\t\t\t\t<\/div>\n\t\t\t\t\t<\/div>\n\t\t<\/div>\n\t\t\t\t\t<\/div>\n\t\t<\/section>\n\t\t\t\t<div class=\"elementor-element elementor-element-8ab40db elementor-widget elementor-widget-image\" data-id=\"8ab40db\" data-element_type=\"widget\" data-e-type=\"widget\" data-widget_type=\"image.default\">\n\t\t\t\t<div class=\"elementor-widget-container\">\n\t\t\t\t\t\t\t\t\t\t\t\t\t\t\t<img decoding=\"async\" width=\"1024\" height=\"280\" src=\"https:\/\/bunkermuseumantwerpen.be\/wp-content\/uploads\/2022\/10\/jpeg-optimizer-bannerWP2022-1024x280.jpg\" class=\"attachment-large size-large wp-image-1361\" alt=\"\" srcset=\"https:\/\/bunkermuseumantwerpen.be\/wp-content\/uploads\/2022\/10\/jpeg-optimizer-bannerWP2022-1024x280.jpg 1024w, https:\/\/bunkermuseumantwerpen.be\/wp-content\/uploads\/2022\/10\/jpeg-optimizer-bannerWP2022-500x137.jpg 500w, https:\/\/bunkermuseumantwerpen.be\/wp-content\/uploads\/2022\/10\/jpeg-optimizer-bannerWP2022-150x41.jpg 150w, https:\/\/bunkermuseumantwerpen.be\/wp-content\/uploads\/2022\/10\/jpeg-optimizer-bannerWP2022-768x210.jpg 768w, https:\/\/bunkermuseumantwerpen.be\/wp-content\/uploads\/2022\/10\/jpeg-optimizer-bannerWP2022.jpg 1490w\" sizes=\"(max-width: 1024px) 100vw, 1024px\" \/>\t\t\t\t\t\t\t\t\t\t\t\t\t\t\t<\/div>\n\t\t\t\t<\/div>\n\t\t\t\t<div class=\"elementor-element elementor-element-3dfdc5d elementor-widget elementor-widget-text-editor\" data-id=\"3dfdc5d\" data-element_type=\"widget\" data-e-type=\"widget\" data-widget_type=\"text-editor.default\">\n\t\t\t\t<div class=\"elementor-widget-container\">\n\t\t\t\t\t\t\t\t\t<p>Zelf maakte het korps deel uit van het 15de Leger wiens KVA het meest gevaarlijk werd geacht vanwege de nabijheid van Engeland, zeker met de Scheldemonding als poort tot de strategische haven van Antwerpen. Napoleon noemde haar ooit een geladen pistool gericht op de onderbuik van Engeland maar nu waren de rollen omgedraaid en dus mogelijk ook het pistool. Uiteindelijk zou de vrees gegrond blijken en werd de Antwerpse haven inderdaad bepalend voor het verloop van de oorlog in het Westen.<\/p>\t\t\t\t\t\t\t\t<\/div>\n\t\t\t\t<\/div>\n\t\t\t\t<div class=\"elementor-element elementor-element-c1e104c elementor-widget elementor-widget-image\" data-id=\"c1e104c\" data-element_type=\"widget\" data-e-type=\"widget\" data-widget_type=\"image.default\">\n\t\t\t\t<div class=\"elementor-widget-container\">\n\t\t\t\t\t\t\t\t\t\t\t\t\t\t\t<img decoding=\"async\" width=\"1024\" height=\"621\" src=\"https:\/\/bunkermuseumantwerpen.be\/wp-content\/uploads\/2022\/11\/AOK15-1942-optim-1024x621.jpg\" class=\"attachment-large size-large wp-image-1976\" alt=\"\" srcset=\"https:\/\/bunkermuseumantwerpen.be\/wp-content\/uploads\/2022\/11\/AOK15-1942-optim-1024x621.jpg 1024w, https:\/\/bunkermuseumantwerpen.be\/wp-content\/uploads\/2022\/11\/AOK15-1942-optim-500x303.jpg 500w, https:\/\/bunkermuseumantwerpen.be\/wp-content\/uploads\/2022\/11\/AOK15-1942-optim-150x91.jpg 150w, https:\/\/bunkermuseumantwerpen.be\/wp-content\/uploads\/2022\/11\/AOK15-1942-optim-768x466.jpg 768w, https:\/\/bunkermuseumantwerpen.be\/wp-content\/uploads\/2022\/11\/AOK15-1942-optim-18x12.jpg 18w, https:\/\/bunkermuseumantwerpen.be\/wp-content\/uploads\/2022\/11\/AOK15-1942-optim.jpg 1522w\" sizes=\"(max-width: 1024px) 100vw, 1024px\" \/>\t\t\t\t\t\t\t\t\t\t\t\t\t\t\t<\/div>\n\t\t\t\t<\/div>\n\t\t\t\t<div class=\"elementor-element elementor-element-40a9e8e elementor-widget elementor-widget-text-editor\" data-id=\"40a9e8e\" data-element_type=\"widget\" data-e-type=\"widget\" data-widget_type=\"text-editor.default\">\n\t\t\t\t<div class=\"elementor-widget-container\">\n\t\t\t\t\t\t\t\t\t<p><i>De staf van het 15de leger te Tourcoing bevond zich ook in een zeldzame &#8220;SK1&#8221; commandobunker welke nu ook een museum is (<a href=\"http:\/\/www.museedu5juin1944.asso.fr\/\" target=\"_blank\" rel=\"noopener\">website<\/a>).<\/i><\/p>\t\t\t\t\t\t\t\t<\/div>\n\t\t\t\t<\/div>\n\t\t\t\t\t<\/div>\n\t\t<\/div>\n\t\t\t\t\t<\/div>\n\t\t<\/section>\n\t\t\t\t<section class=\"elementor-section elementor-top-section elementor-element elementor-element-bd5dcfb elementor-section-boxed elementor-section-height-default elementor-section-height-default\" data-id=\"bd5dcfb\" data-element_type=\"section\" data-e-type=\"section\">\n\t\t\t\t\t\t<div class=\"elementor-container elementor-column-gap-default\">\n\t\t\t\t\t<div class=\"elementor-column elementor-col-100 elementor-top-column elementor-element elementor-element-228c22c\" data-id=\"228c22c\" data-element_type=\"column\" data-e-type=\"column\">\n\t\t\t<div class=\"elementor-widget-wrap elementor-element-populated\">\n\t\t\t\t\t\t<div class=\"elementor-element elementor-element-ec8d8fa elementor-widget elementor-widget-text-editor\" data-id=\"ec8d8fa\" data-element_type=\"widget\" data-e-type=\"widget\" data-widget_type=\"text-editor.default\">\n\t\t\t\t<div class=\"elementor-widget-container\">\n\t\t\t\t\t\t\t\t\t<p>Doorheen haar aanwezigheid in Antwerpen stonden er 4 verschillende generaals aan het hoofd van het LXXXIX. (89.) Legerkorps.\u00a0<\/p>\t\t\t\t\t\t\t\t<\/div>\n\t\t\t\t<\/div>\n\t\t\t\t\t<\/div>\n\t\t<\/div>\n\t\t\t\t\t<\/div>\n\t\t<\/section>\n\t\t\t\t<section class=\"elementor-section elementor-top-section elementor-element elementor-element-2d9567d elementor-section-boxed elementor-section-height-default elementor-section-height-default\" data-id=\"2d9567d\" data-element_type=\"section\" data-e-type=\"section\">\n\t\t\t\t\t\t<div class=\"elementor-container elementor-column-gap-default\">\n\t\t\t\t\t<div class=\"elementor-column elementor-col-25 elementor-top-column elementor-element elementor-element-11ae3a4\" data-id=\"11ae3a4\" data-element_type=\"column\" data-e-type=\"column\">\n\t\t\t<div class=\"elementor-widget-wrap elementor-element-populated\">\n\t\t\t\t\t\t<div class=\"elementor-element elementor-element-52cb80a elementor-widget elementor-widget-image\" data-id=\"52cb80a\" data-element_type=\"widget\" data-e-type=\"widget\" data-widget_type=\"image.default\">\n\t\t\t\t<div class=\"elementor-widget-container\">\n\t\t\t\t\t\t\t\t\t\t\t\t\t\t\t<img decoding=\"async\" src=\"https:\/\/bunkermuseumantwerpen.be\/wp-content\/uploads\/elementor\/thumbs\/Hubicki2-optim-px32wf1lmczg6auyuf2j55lw2ff5lnjwgjkcugjc1w.jpg\" title=\"Hubicki2-optim\" alt=\"Hubicki2-optim\" loading=\"lazy\" \/>\t\t\t\t\t\t\t\t\t\t\t\t\t\t\t<\/div>\n\t\t\t\t<\/div>\n\t\t\t\t<div class=\"elementor-element elementor-element-6f17e38 elementor-widget elementor-widget-text-editor\" data-id=\"6f17e38\" data-element_type=\"widget\" data-e-type=\"widget\" data-widget_type=\"text-editor.default\">\n\t\t\t\t<div class=\"elementor-widget-container\">\n\t\t\t\t\t\t\t\t\t<p><b>Dr. Alfred Ritter von Hubicki<\/b> <br \/><i>Oprichting &#8211; 18.12.1942<\/i><\/p><p><span style=\"font-weight: inherit; background-color: var(--ast-global-color-5); color: var(--ast-global-color-3);\"><i>30.4.1943 &#8211; 11.6.1943<\/i><\/span><\/p><p>\u00a0<\/p>\t\t\t\t\t\t\t\t<\/div>\n\t\t\t\t<\/div>\n\t\t\t\t\t<\/div>\n\t\t<\/div>\n\t\t\t\t<div class=\"elementor-column elementor-col-25 elementor-top-column elementor-element elementor-element-8d7c5d0\" data-id=\"8d7c5d0\" data-element_type=\"column\" data-e-type=\"column\">\n\t\t\t<div class=\"elementor-widget-wrap elementor-element-populated\">\n\t\t\t\t\t\t<div class=\"elementor-element elementor-element-7e7d257 elementor-widget elementor-widget-image\" data-id=\"7e7d257\" data-element_type=\"widget\" data-e-type=\"widget\" data-widget_type=\"image.default\">\n\t\t\t\t<div class=\"elementor-widget-container\">\n\t\t\t\t\t\t\t\t\t\t\t\t\t\t\t<img decoding=\"async\" src=\"https:\/\/bunkermuseumantwerpen.be\/wp-content\/uploads\/elementor\/thumbs\/Hugo-Hofl-pwxpv4kzvedqs7gfnvesru8pkk2d8evkg4rt24ey2o.jpg\" title=\"Hugo H\u00f6fl\" alt=\"Hugo H\u00f6fl\" loading=\"lazy\" \/>\t\t\t\t\t\t\t\t\t\t\t\t\t\t\t<\/div>\n\t\t\t\t<\/div>\n\t\t\t\t<div class=\"elementor-element elementor-element-249f372 elementor-widget elementor-widget-text-editor\" data-id=\"249f372\" data-element_type=\"widget\" data-e-type=\"widget\" data-widget_type=\"text-editor.default\">\n\t\t\t\t<div class=\"elementor-widget-container\">\n\t\t\t\t\t\t\t\t\t<p><b>Hugo H\u00f6fl\u00a0<\/b><\/p><p><i>18.12.1942 &#8211; 30.4.1943<\/i><\/p>\t\t\t\t\t\t\t\t<\/div>\n\t\t\t\t<\/div>\n\t\t\t\t\t<\/div>\n\t\t<\/div>\n\t\t\t\t<div class=\"elementor-column elementor-col-25 elementor-top-column elementor-element elementor-element-0066cc6\" data-id=\"0066cc6\" data-element_type=\"column\" data-e-type=\"column\">\n\t\t\t<div class=\"elementor-widget-wrap elementor-element-populated\">\n\t\t\t\t\t\t<div class=\"elementor-element elementor-element-0df40ea elementor-widget elementor-widget-image\" data-id=\"0df40ea\" data-element_type=\"widget\" data-e-type=\"widget\" data-widget_type=\"image.default\">\n\t\t\t\t<div class=\"elementor-widget-container\">\n\t\t\t\t\t\t\t\t\t\t\t\t\t\t\t<img decoding=\"async\" src=\"https:\/\/bunkermuseumantwerpen.be\/wp-content\/uploads\/elementor\/thumbs\/Werner-Albrecht-Freiherr-von-und-zu-Gilsa-pwxq2vr4owjmv7ttjegf0btbazd8i94x34pou6tkn8.jpg\" title=\"Werner-Albrecht Freiherr von und zu Gilsa\" alt=\"Werner-Albrecht Freiherr von und zu Gilsa\" loading=\"lazy\" \/>\t\t\t\t\t\t\t\t\t\t\t\t\t\t\t<\/div>\n\t\t\t\t<\/div>\n\t\t\t\t<div class=\"elementor-element elementor-element-1b5ab0a elementor-widget elementor-widget-text-editor\" data-id=\"1b5ab0a\" data-element_type=\"widget\" data-e-type=\"widget\" data-widget_type=\"text-editor.default\">\n\t\t\t\t<div class=\"elementor-widget-container\">\n\t\t\t\t\t\t\t\t\t<p><b>Werner Freiherr von und zu Gilsa <br><\/b><i>11.6.1943 &#8211; 12.1.1944<\/i><\/p>\n<p><i>29.1.1944 &#8211; 23.11.1944<\/i><\/p>\t\t\t\t\t\t\t\t<\/div>\n\t\t\t\t<\/div>\n\t\t\t\t\t<\/div>\n\t\t<\/div>\n\t\t\t\t<div class=\"elementor-column elementor-col-25 elementor-top-column elementor-element elementor-element-aa22016\" data-id=\"aa22016\" data-element_type=\"column\" data-e-type=\"column\">\n\t\t\t<div class=\"elementor-widget-wrap elementor-element-populated\">\n\t\t\t\t\t\t<div class=\"elementor-element elementor-element-9f820c6 elementor-widget elementor-widget-image\" data-id=\"9f820c6\" data-element_type=\"widget\" data-e-type=\"widget\" data-widget_type=\"image.default\">\n\t\t\t\t<div class=\"elementor-widget-container\">\n\t\t\t\t\t\t\t\t\t\t\t\t\t\t\t<img decoding=\"async\" src=\"https:\/\/bunkermuseumantwerpen.be\/wp-content\/uploads\/elementor\/thumbs\/F-W-Neumann-pwxqk9rkousvcoxlu8oiyztlmm4u4xp2wl0e7l4tmo.jpg\" title=\"F W Neumann\" alt=\"F W Neumann\" loading=\"lazy\" \/>\t\t\t\t\t\t\t\t\t\t\t\t\t\t\t<\/div>\n\t\t\t\t<\/div>\n\t\t\t\t<div class=\"elementor-element elementor-element-98cf496 elementor-widget elementor-widget-text-editor\" data-id=\"98cf496\" data-element_type=\"widget\" data-e-type=\"widget\" data-widget_type=\"text-editor.default\">\n\t\t\t\t<div class=\"elementor-widget-container\">\n\t\t\t\t\t\t\t\t\t<p><b>Friedrich-Wilhelm Neumann<\/b>\u00a0<\/p><p><i>12.1.1944 &#8211; 29.1.1944<\/i><\/p>\t\t\t\t\t\t\t\t<\/div>\n\t\t\t\t<\/div>\n\t\t\t\t\t<\/div>\n\t\t<\/div>\n\t\t\t\t\t<\/div>\n\t\t<\/section>\n\t\t\t\t<section class=\"elementor-section elementor-top-section elementor-element elementor-element-6623c0f elementor-section-boxed elementor-section-height-default elementor-section-height-default\" data-id=\"6623c0f\" data-element_type=\"section\" data-e-type=\"section\">\n\t\t\t\t\t\t<div class=\"elementor-container elementor-column-gap-default\">\n\t\t\t\t\t<div class=\"elementor-column elementor-col-50 elementor-top-column elementor-element elementor-element-7a0f0a3\" data-id=\"7a0f0a3\" data-element_type=\"column\" data-e-type=\"column\">\n\t\t\t<div class=\"elementor-widget-wrap elementor-element-populated\">\n\t\t\t\t\t\t<div class=\"elementor-element elementor-element-0dba616 elementor-widget elementor-widget-text-editor\" data-id=\"0dba616\" data-element_type=\"widget\" data-e-type=\"widget\" data-widget_type=\"text-editor.default\">\n\t\t\t\t<div class=\"elementor-widget-container\">\n\t\t\t\t\t\t\t\t\t<p>De grote commandobunkers in het park werden gebouwd rond de tijd dat von und zu Gilsa de leiding nam over het korps. Deze zeer ervaren beroepsmilitair had zich in Belgi\u00eb reeds&nbsp; onderscheiden bij het veroveren van een brug over de Maas waarvoor hij het Ridderkruis ontving op 5.6.1940, aan het Oostfront zou hij er nog \u00e9\u00e9n verdienen&nbsp;<span style=\"background-color: var(--ast-global-color-5); color: var(--ast-global-color-3); font-size: 1rem;\">op 24.1.1942 <\/span><span style=\"font-style: inherit; font-weight: inherit; background-color: var(--ast-global-color-5); color: var(--ast-global-color-3);\">voor de verdediging van&nbsp;<\/span><span style=\"background-color: var(--ast-global-color-5);\">Suchinitschi.<\/span><span style=\"background-color: var(--ast-global-color-5); color: var(--ast-global-color-3); font-style: inherit; font-weight: inherit;\">&nbsp; &nbsp;&nbsp;<\/span><\/p>\t\t\t\t\t\t\t\t<\/div>\n\t\t\t\t<\/div>\n\t\t\t\t<div class=\"elementor-element elementor-element-dc403c3 elementor-widget elementor-widget-image\" data-id=\"dc403c3\" data-element_type=\"widget\" data-e-type=\"widget\" data-widget_type=\"image.default\">\n\t\t\t\t<div class=\"elementor-widget-container\">\n\t\t\t\t\t\t\t\t\t\t\t\t\t\t\t<img loading=\"lazy\" decoding=\"async\" width=\"749\" height=\"175\" src=\"https:\/\/bunkermuseumantwerpen.be\/wp-content\/uploads\/2022\/10\/verteidigung6-1943-optim.jpg\" class=\"attachment-large size-large wp-image-1941\" alt=\"\" srcset=\"https:\/\/bunkermuseumantwerpen.be\/wp-content\/uploads\/2022\/10\/verteidigung6-1943-optim.jpg 749w, https:\/\/bunkermuseumantwerpen.be\/wp-content\/uploads\/2022\/10\/verteidigung6-1943-optim-500x117.jpg 500w, https:\/\/bunkermuseumantwerpen.be\/wp-content\/uploads\/2022\/10\/verteidigung6-1943-optim-150x35.jpg 150w, https:\/\/bunkermuseumantwerpen.be\/wp-content\/uploads\/2022\/10\/verteidigung6-1943-optim-18x4.jpg 18w\" sizes=\"(max-width: 749px) 100vw, 749px\" \/>\t\t\t\t\t\t\t\t\t\t\t\t\t\t\t<\/div>\n\t\t\t\t<\/div>\n\t\t\t\t<div class=\"elementor-element elementor-element-f39b63d elementor-widget elementor-widget-text-editor\" data-id=\"f39b63d\" data-element_type=\"widget\" data-e-type=\"widget\" data-widget_type=\"text-editor.default\">\n\t\t\t\t<div class=\"elementor-widget-container\">\n\t\t\t\t\t\t\t\t\t<p>Vanaf juni 1943 nam von Gilsa de verdediging van de Belgische kust en Zeeland voor zijn rekening waarvoor hij regelmatig op inspectie ging bij de eenheden onder zijn bevel. Op zijn beurt werd zijn werk onder de loupe genomen door zijn oversten zoals de zeer bekende veldmaarschalk Rommel die ook enkele malen op bezoek kwam in Antwerpen. Voor de verdediging van het complex werd er in 1944 ook een \u201c<i>Sicherungsring<\/i>\u201d ten noorden van het park aangelegd met als opdracht: \u201cVerdediging van kommandopost van het Generalkommando tegen vijandelijke aanvallen aller aard.&#8221;. Zowel land- als luchtafweer werd voorzien rondom het hoofdkwartier welke volgens de vooropgestelde documenten moest standhouden tot de laatste man.<\/p>\t\t\t\t\t\t\t\t<\/div>\n\t\t\t\t<\/div>\n\t\t\t\t\t<\/div>\n\t\t<\/div>\n\t\t\t\t<div class=\"elementor-column elementor-col-50 elementor-top-column elementor-element elementor-element-2fda7ad\" data-id=\"2fda7ad\" data-element_type=\"column\" data-e-type=\"column\">\n\t\t\t<div class=\"elementor-widget-wrap elementor-element-populated\">\n\t\t\t\t\t\t<div class=\"elementor-element elementor-element-c66a046 elementor-widget elementor-widget-image\" data-id=\"c66a046\" data-element_type=\"widget\" data-e-type=\"widget\" data-widget_type=\"image.default\">\n\t\t\t\t<div class=\"elementor-widget-container\">\n\t\t\t\t\t\t\t\t\t\t\t\t\t\t\t<img loading=\"lazy\" decoding=\"async\" width=\"662\" height=\"959\" src=\"https:\/\/bunkermuseumantwerpen.be\/wp-content\/uploads\/2022\/10\/erwin-rommel-werner-freiherr-von-und-zu-gilsa-normandy.jpg\" class=\"attachment-large size-large wp-image-1933\" alt=\"\" srcset=\"https:\/\/bunkermuseumantwerpen.be\/wp-content\/uploads\/2022\/10\/erwin-rommel-werner-freiherr-von-und-zu-gilsa-normandy.jpg 662w, https:\/\/bunkermuseumantwerpen.be\/wp-content\/uploads\/2022\/10\/erwin-rommel-werner-freiherr-von-und-zu-gilsa-normandy-345x500.jpg 345w, https:\/\/bunkermuseumantwerpen.be\/wp-content\/uploads\/2022\/10\/erwin-rommel-werner-freiherr-von-und-zu-gilsa-normandy-104x150.jpg 104w, https:\/\/bunkermuseumantwerpen.be\/wp-content\/uploads\/2022\/10\/erwin-rommel-werner-freiherr-von-und-zu-gilsa-normandy-8x12.jpg 8w\" sizes=\"(max-width: 662px) 100vw, 662px\" \/>\t\t\t\t\t\t\t\t\t\t\t\t\t\t\t<\/div>\n\t\t\t\t<\/div>\n\t\t\t\t<div class=\"elementor-element elementor-element-7813f28 elementor-widget elementor-widget-text-editor\" data-id=\"7813f28\" data-element_type=\"widget\" data-e-type=\"widget\" data-widget_type=\"text-editor.default\">\n\t\t\t\t<div class=\"elementor-widget-container\">\n\t\t\t\t\t\t\t\t\t<p><i>Veldmaarschalk Rommel en von Gilsa te Raversijde.<\/i><\/p>\t\t\t\t\t\t\t\t<\/div>\n\t\t\t\t<\/div>\n\t\t\t\t\t<\/div>\n\t\t<\/div>\n\t\t\t\t\t<\/div>\n\t\t<\/section>\n\t\t\t\t<section class=\"elementor-section elementor-top-section elementor-element elementor-element-ace78fd elementor-section-boxed elementor-section-height-default elementor-section-height-default\" data-id=\"ace78fd\" data-element_type=\"section\" data-e-type=\"section\" data-settings=\"{&quot;background_background&quot;:&quot;classic&quot;}\">\n\t\t\t\t\t\t<div class=\"elementor-container elementor-column-gap-default\">\n\t\t\t\t\t<div class=\"elementor-column elementor-col-100 elementor-top-column elementor-element elementor-element-f97effb\" data-id=\"f97effb\" data-element_type=\"column\" data-e-type=\"column\">\n\t\t\t<div class=\"elementor-widget-wrap elementor-element-populated\">\n\t\t\t\t\t\t<div class=\"elementor-element elementor-element-7fe613c elementor-widget elementor-widget-image\" data-id=\"7fe613c\" data-element_type=\"widget\" data-e-type=\"widget\" data-widget_type=\"image.default\">\n\t\t\t\t<div class=\"elementor-widget-container\">\n\t\t\t\t\t\t\t\t\t\t\t\t\t\t\t<img loading=\"lazy\" decoding=\"async\" width=\"809\" height=\"307\" src=\"https:\/\/bunkermuseumantwerpen.be\/wp-content\/uploads\/2022\/11\/alarmzugplan1943-optim.jpg\" class=\"attachment-1536x1536 size-1536x1536 wp-image-1971\" alt=\"\" srcset=\"https:\/\/bunkermuseumantwerpen.be\/wp-content\/uploads\/2022\/11\/alarmzugplan1943-optim.jpg 809w, https:\/\/bunkermuseumantwerpen.be\/wp-content\/uploads\/2022\/11\/alarmzugplan1943-optim-500x190.jpg 500w, https:\/\/bunkermuseumantwerpen.be\/wp-content\/uploads\/2022\/11\/alarmzugplan1943-optim-150x57.jpg 150w, https:\/\/bunkermuseumantwerpen.be\/wp-content\/uploads\/2022\/11\/alarmzugplan1943-optim-768x291.jpg 768w, https:\/\/bunkermuseumantwerpen.be\/wp-content\/uploads\/2022\/11\/alarmzugplan1943-optim-18x7.jpg 18w\" sizes=\"(max-width: 809px) 100vw, 809px\" \/>\t\t\t\t\t\t\t\t\t\t\t\t\t\t\t<\/div>\n\t\t\t\t<\/div>\n\t\t\t\t<div class=\"elementor-element elementor-element-4ee135e elementor-widget elementor-widget-text-editor\" data-id=\"4ee135e\" data-element_type=\"widget\" data-e-type=\"widget\" data-widget_type=\"text-editor.default\">\n\t\t\t\t<div class=\"elementor-widget-container\">\n\t\t\t\t\t\t\t\t\t<p><i>Plan van 11 juni 1943 waar buiten de 2 commandobunkers en nabije bunker in de Della Faillelaan ook opge\u00ebiste huizen op aangeduid zijn. De &#8220;Ia&#8221; was de operationele afdeling terwijl de &#8220;Ic&#8221; voor inlichtingen moest zorgen. Men ziet ook de afsluitingen rond het park, het ontoegankelijk &#8220;Sperrgebiet&#8221;,\u00a0 waar wel nog steeds trams doorheen reden. Op 15 juni 1943 kregen de lijnen 5 en 17 een speciaal statuut, de &#8220;Ortskommandatur&#8221; beval dat op deze lijnen enkel gesloten rijtuigen mochten ingezet worden. Eens in het &#8220;sicherungsbereich&#8221; moest het rijtuig gesloten blijven en mocht men zeker niet stoppen. Vanaf 15 april 1944 werd reizigersverkeer op deze lijnen door het sperrgebiet uiteindelijk verboden.<\/i><\/p>\t\t\t\t\t\t\t\t<\/div>\n\t\t\t\t<\/div>\n\t\t\t\t\t<\/div>\n\t\t<\/div>\n\t\t\t\t\t<\/div>\n\t\t<\/section>\n\t\t\t\t<section class=\"elementor-section elementor-top-section elementor-element elementor-element-278c28c elementor-section-boxed elementor-section-height-default elementor-section-height-default\" data-id=\"278c28c\" data-element_type=\"section\" data-e-type=\"section\">\n\t\t\t\t\t\t<div class=\"elementor-container elementor-column-gap-default\">\n\t\t\t\t\t<div class=\"elementor-column elementor-col-100 elementor-top-column elementor-element elementor-element-8aad27c\" data-id=\"8aad27c\" data-element_type=\"column\" data-e-type=\"column\">\n\t\t\t<div class=\"elementor-widget-wrap elementor-element-populated\">\n\t\t\t\t\t\t<div class=\"elementor-element elementor-element-0ac9243 elementor-widget elementor-widget-heading\" data-id=\"0ac9243\" data-element_type=\"widget\" data-e-type=\"widget\" data-widget_type=\"heading.default\">\n\t\t\t\t<div class=\"elementor-widget-container\">\n\t\t\t\t\t<h2 class=\"elementor-heading-title elementor-size-default\">Bunkertypes<\/h2>\t\t\t\t<\/div>\n\t\t\t\t<\/div>\n\t\t\t\t<div class=\"elementor-element elementor-element-cb1d6fa elementor-widget elementor-widget-text-editor\" data-id=\"cb1d6fa\" data-element_type=\"widget\" data-e-type=\"widget\" data-widget_type=\"text-editor.default\">\n\t\t\t\t<div class=\"elementor-widget-container\">\n\t\t\t\t\t\t\t\t\t<p>Van de 11 beschermde bunkers zijn er 6 van het lichtere &#8220;VF&#8221; <i>(Verst\u00e4rkt Feldm\u00e4\u00dfig<\/i>) type met 1m dik beton. De andere 5 zijn de veel stevigere &#8220;St&#8221; (<i>St\u00e4ndige<\/i>) bunkers die muren en een dak van minstens 2m dikte hebben en uitgerust waren met hun eigen gasbescherming. In totaal werd voor deze 11 constructies ca. 7000 m\u00b3 gewapend beton gebruikt (en dus zo&#8217;n 360 ton bewapeningsijzer).&nbsp;<span style=\"background-color: var(--ast-global-color-5);\">Een 12de bunker ligt op private grond in de Della Faillelaan waar er na de oorlog een huis op verscheen, exact type nog te bevestigen maar beschreven als &#8220;<i>St<\/i>&#8221; met 2 kamers.<\/span><\/p>\t\t\t\t\t\t\t\t<\/div>\n\t\t\t\t<\/div>\n\t\t\t\t<section class=\"elementor-section elementor-inner-section elementor-element elementor-element-f30a560 elementor-section-boxed elementor-section-height-default elementor-section-height-default\" data-id=\"f30a560\" data-element_type=\"section\" data-e-type=\"section\">\n\t\t\t\t\t\t<div class=\"elementor-container elementor-column-gap-default\">\n\t\t\t\t\t<div class=\"elementor-column elementor-col-50 elementor-inner-column elementor-element elementor-element-2b0669b\" data-id=\"2b0669b\" data-element_type=\"column\" data-e-type=\"column\">\n\t\t\t<div class=\"elementor-widget-wrap elementor-element-populated\">\n\t\t\t\t\t\t<div class=\"elementor-element elementor-element-e55952d elementor-widget elementor-widget-image\" data-id=\"e55952d\" data-element_type=\"widget\" data-e-type=\"widget\" data-widget_type=\"image.default\">\n\t\t\t\t<div class=\"elementor-widget-container\">\n\t\t\t\t\t\t\t\t\t\t\t\t\t\t\t<img loading=\"lazy\" decoding=\"async\" width=\"547\" height=\"114\" src=\"https:\/\/bunkermuseumantwerpen.be\/wp-content\/uploads\/2022\/11\/nachrichtbericht-optim.jpg\" class=\"attachment-large size-large wp-image-1966\" alt=\"\" srcset=\"https:\/\/bunkermuseumantwerpen.be\/wp-content\/uploads\/2022\/11\/nachrichtbericht-optim.jpg 547w, https:\/\/bunkermuseumantwerpen.be\/wp-content\/uploads\/2022\/11\/nachrichtbericht-optim-500x104.jpg 500w, https:\/\/bunkermuseumantwerpen.be\/wp-content\/uploads\/2022\/11\/nachrichtbericht-optim-150x31.jpg 150w, https:\/\/bunkermuseumantwerpen.be\/wp-content\/uploads\/2022\/11\/nachrichtbericht-optim-18x4.jpg 18w\" sizes=\"(max-width: 547px) 100vw, 547px\" \/>\t\t\t\t\t\t\t\t\t\t\t\t\t\t\t<\/div>\n\t\t\t\t<\/div>\n\t\t\t\t\t<\/div>\n\t\t<\/div>\n\t\t\t\t<div class=\"elementor-column elementor-col-50 elementor-inner-column elementor-element elementor-element-49d3f09\" data-id=\"49d3f09\" data-element_type=\"column\" data-e-type=\"column\">\n\t\t\t<div class=\"elementor-widget-wrap elementor-element-populated\">\n\t\t\t\t\t\t<div class=\"elementor-element elementor-element-05028f5 elementor-widget elementor-widget-text-editor\" data-id=\"05028f5\" data-element_type=\"widget\" data-e-type=\"widget\" data-widget_type=\"text-editor.default\">\n\t\t\t\t<div class=\"elementor-widget-container\">\n\t\t\t\t\t\t\t\t\t<p><i>Volgens het Duits plan werd de bunker in de Della Faillelaan gebruikt voor &#8220;Nachrichten&#8221; (communicatie) wat bevestigd blijkt door het verzet. In een bericht van inlichtingendienst &#8220;Marc&#8221; werd hij aangeduid en beschreven als bemand door &#8220;Nachrichtenhelferinnen&#8221;, telefonistes bij het leger.<\/i><\/p>\t\t\t\t\t\t\t\t<\/div>\n\t\t\t\t<\/div>\n\t\t\t\t\t<\/div>\n\t\t<\/div>\n\t\t\t\t\t<\/div>\n\t\t<\/section>\n\t\t\t\t<section class=\"elementor-section elementor-inner-section elementor-element elementor-element-d52f706 elementor-section-boxed elementor-section-height-default elementor-section-height-default\" data-id=\"d52f706\" data-element_type=\"section\" data-e-type=\"section\">\n\t\t\t\t\t\t<div class=\"elementor-container elementor-column-gap-default\">\n\t\t\t\t\t<div class=\"elementor-column elementor-col-50 elementor-inner-column elementor-element elementor-element-007d8a3\" data-id=\"007d8a3\" data-element_type=\"column\" data-e-type=\"column\">\n\t\t\t<div class=\"elementor-widget-wrap elementor-element-populated\">\n\t\t\t\t\t\t<div class=\"elementor-element elementor-element-9af3ad8 elementor-widget elementor-widget-image\" data-id=\"9af3ad8\" data-element_type=\"widget\" data-e-type=\"widget\" data-widget_type=\"image.default\">\n\t\t\t\t<div class=\"elementor-widget-container\">\n\t\t\t\t\t\t\t\t\t\t\t\t\t\t\t<img loading=\"lazy\" decoding=\"async\" width=\"962\" height=\"580\" src=\"https:\/\/bunkermuseumantwerpen.be\/wp-content\/uploads\/2022\/10\/bunkerdorpspots-optim.jpg\" class=\"attachment-large size-large wp-image-1958\" alt=\"\" srcset=\"https:\/\/bunkermuseumantwerpen.be\/wp-content\/uploads\/2022\/10\/bunkerdorpspots-optim.jpg 962w, https:\/\/bunkermuseumantwerpen.be\/wp-content\/uploads\/2022\/10\/bunkerdorpspots-optim-500x301.jpg 500w, https:\/\/bunkermuseumantwerpen.be\/wp-content\/uploads\/2022\/10\/bunkerdorpspots-optim-150x90.jpg 150w, https:\/\/bunkermuseumantwerpen.be\/wp-content\/uploads\/2022\/10\/bunkerdorpspots-optim-768x463.jpg 768w, https:\/\/bunkermuseumantwerpen.be\/wp-content\/uploads\/2022\/10\/bunkerdorpspots-optim-18x12.jpg 18w\" sizes=\"(max-width: 962px) 100vw, 962px\" \/>\t\t\t\t\t\t\t\t\t\t\t\t\t\t\t<\/div>\n\t\t\t\t<\/div>\n\t\t\t\t<div class=\"elementor-element elementor-element-4254411 elementor-widget elementor-widget-text-editor\" data-id=\"4254411\" data-element_type=\"widget\" data-e-type=\"widget\" data-widget_type=\"text-editor.default\">\n\t\t\t\t<div class=\"elementor-widget-container\">\n\t\t\t\t\t\t\t\t\t<p><i>De pagina&#8217;s over de verschillende bunkertypes kan u via de knoppen hier of het menu bovenaan oproepen. <br \/>Via het menu kan u ook nog een pagina vinden over strandversperringen aan de Atlantikwall en die in onze collectie.<\/i><\/p>\t\t\t\t\t\t\t\t<\/div>\n\t\t\t\t<\/div>\n\t\t\t\t\t<\/div>\n\t\t<\/div>\n\t\t\t\t<div class=\"elementor-column elementor-col-50 elementor-inner-column elementor-element elementor-element-3c90b16\" data-id=\"3c90b16\" data-element_type=\"column\" data-e-type=\"column\">\n\t\t\t<div class=\"elementor-widget-wrap elementor-element-populated\">\n\t\t\t\t\t\t<div class=\"elementor-element elementor-element-9e0d980 elementor-widget elementor-widget-heading\" data-id=\"9e0d980\" data-element_type=\"widget\" data-e-type=\"widget\" data-widget_type=\"heading.default\">\n\t\t\t\t<div class=\"elementor-widget-container\">\n\t\t\t\t\t<h2 class=\"elementor-heading-title elementor-size-default\">St<\/h2>\t\t\t\t<\/div>\n\t\t\t\t<\/div>\n\t\t\t\t<div class=\"elementor-element elementor-element-3768b70 elementor-align-center elementor-widget elementor-widget-button\" data-id=\"3768b70\" data-element_type=\"widget\" data-e-type=\"widget\" data-widget_type=\"button.default\">\n\t\t\t\t<div class=\"elementor-widget-container\">\n\t\t\t\t\t\t\t\t\t<div class=\"elementor-button-wrapper\">\n\t\t\t\t\t<a class=\"elementor-button elementor-button-link elementor-size-sm elementor-animation-pop\" href=\"https:\/\/bunkermuseumantwerpen.be\/sk1\" target=\"_blank\">\n\t\t\t\t\t\t<span class=\"elementor-button-content-wrapper\">\n\t\t\t\t\t\t\t\t\t<span class=\"elementor-button-text\">SK1<\/span>\n\t\t\t\t\t<\/span>\n\t\t\t\t\t<\/a>\n\t\t\t\t<\/div>\n\t\t\t\t\t\t\t\t<\/div>\n\t\t\t\t<\/div>\n\t\t\t\t<div class=\"elementor-element elementor-element-80bdc35 elementor-widget elementor-widget-text-editor\" data-id=\"80bdc35\" data-element_type=\"widget\" data-e-type=\"widget\" data-widget_type=\"text-editor.default\">\n\t\t\t\t<div class=\"elementor-widget-container\">\n\t\t\t\t\t\t\t\t\t<p>Commando<\/p>\t\t\t\t\t\t\t\t<\/div>\n\t\t\t\t<\/div>\n\t\t\t\t<div class=\"elementor-element elementor-element-2839b4c elementor-align-center elementor-widget elementor-widget-button\" data-id=\"2839b4c\" data-element_type=\"widget\" data-e-type=\"widget\" data-widget_type=\"button.default\">\n\t\t\t\t<div class=\"elementor-widget-container\">\n\t\t\t\t\t\t\t\t\t<div class=\"elementor-button-wrapper\">\n\t\t\t\t\t<a class=\"elementor-button elementor-button-link elementor-size-xs elementor-animation-pop\" href=\"https:\/\/bunkermuseumantwerpen.be\/r618\" target=\"_blank\">\n\t\t\t\t\t\t<span class=\"elementor-button-content-wrapper\">\n\t\t\t\t\t\t\t\t\t<span class=\"elementor-button-text\">R618<\/span>\n\t\t\t\t\t<\/span>\n\t\t\t\t\t<\/a>\n\t\t\t\t<\/div>\n\t\t\t\t\t\t\t\t<\/div>\n\t\t\t\t<\/div>\n\t\t\t\t<div class=\"elementor-element elementor-element-a03e821 elementor-widget elementor-widget-text-editor\" data-id=\"a03e821\" data-element_type=\"widget\" data-e-type=\"widget\" data-widget_type=\"text-editor.default\">\n\t\t\t\t<div class=\"elementor-widget-container\">\n\t\t\t\t\t\t\t\t\t<p>Communicatie<\/p>\t\t\t\t\t\t\t\t<\/div>\n\t\t\t\t<\/div>\n\t\t\t\t<div class=\"elementor-element elementor-element-43b193c elementor-align-center elementor-widget elementor-widget-button\" data-id=\"43b193c\" data-element_type=\"widget\" data-e-type=\"widget\" data-widget_type=\"button.default\">\n\t\t\t\t<div class=\"elementor-widget-container\">\n\t\t\t\t\t\t\t\t\t<div class=\"elementor-button-wrapper\">\n\t\t\t\t\t<a class=\"elementor-button elementor-button-link elementor-size-xs elementor-animation-pop\" href=\"https:\/\/bunkermuseumantwerpen.be\/r622\" target=\"_blank\">\n\t\t\t\t\t\t<span class=\"elementor-button-content-wrapper\">\n\t\t\t\t\t\t\t\t\t<span class=\"elementor-button-text\">R622<\/span>\n\t\t\t\t\t<\/span>\n\t\t\t\t\t<\/a>\n\t\t\t\t<\/div>\n\t\t\t\t\t\t\t\t<\/div>\n\t\t\t\t<\/div>\n\t\t\t\t<div class=\"elementor-element elementor-element-7c3239a elementor-widget elementor-widget-text-editor\" data-id=\"7c3239a\" data-element_type=\"widget\" data-e-type=\"widget\" data-widget_type=\"text-editor.default\">\n\t\t\t\t<div class=\"elementor-widget-container\">\n\t\t\t\t\t\t\t\t\t<p>Manschappen<\/p>\t\t\t\t\t\t\t\t<\/div>\n\t\t\t\t<\/div>\n\t\t\t\t<div class=\"elementor-element elementor-element-4e67c28 elementor-widget elementor-widget-heading\" data-id=\"4e67c28\" data-element_type=\"widget\" data-e-type=\"widget\" data-widget_type=\"heading.default\">\n\t\t\t\t<div class=\"elementor-widget-container\">\n\t\t\t\t\t<h2 class=\"elementor-heading-title elementor-size-default\">Vf<\/h2>\t\t\t\t<\/div>\n\t\t\t\t<\/div>\n\t\t\t\t<div class=\"elementor-element elementor-element-81a7401 elementor-align-center elementor-widget elementor-widget-button\" data-id=\"81a7401\" data-element_type=\"widget\" data-e-type=\"widget\" data-widget_type=\"button.default\">\n\t\t\t\t<div class=\"elementor-widget-container\">\n\t\t\t\t\t\t\t\t\t<div class=\"elementor-button-wrapper\">\n\t\t\t\t\t<a class=\"elementor-button elementor-button-link elementor-size-xs elementor-animation-pop\" href=\"https:\/\/bunkermuseumantwerpen.be\/vf52\/\" target=\"_blank\">\n\t\t\t\t\t\t<span class=\"elementor-button-content-wrapper\">\n\t\t\t\t\t\t\t\t\t<span class=\"elementor-button-text\">52a<\/span>\n\t\t\t\t\t<\/span>\n\t\t\t\t\t<\/a>\n\t\t\t\t<\/div>\n\t\t\t\t\t\t\t\t<\/div>\n\t\t\t\t<\/div>\n\t\t\t\t<div class=\"elementor-element elementor-element-87d6ed2 elementor-widget elementor-widget-text-editor\" data-id=\"87d6ed2\" data-element_type=\"widget\" data-e-type=\"widget\" data-widget_type=\"text-editor.default\">\n\t\t\t\t<div class=\"elementor-widget-container\">\n\t\t\t\t\t\t\t\t\t<p>Manschappen<\/p>\t\t\t\t\t\t\t\t<\/div>\n\t\t\t\t<\/div>\n\t\t\t\t<div class=\"elementor-element elementor-element-2b43a62 elementor-align-center elementor-widget elementor-widget-button\" data-id=\"2b43a62\" data-element_type=\"widget\" data-e-type=\"widget\" data-widget_type=\"button.default\">\n\t\t\t\t<div class=\"elementor-widget-container\">\n\t\t\t\t\t\t\t\t\t<div class=\"elementor-button-wrapper\">\n\t\t\t\t\t<a class=\"elementor-button elementor-button-link elementor-size-xs elementor-animation-pop\" href=\"https:\/\/bunkermuseumantwerpen.be\/vf57\/\" target=\"_blank\">\n\t\t\t\t\t\t<span class=\"elementor-button-content-wrapper\">\n\t\t\t\t\t\t\t\t\t<span class=\"elementor-button-text\">57a<\/span>\n\t\t\t\t\t<\/span>\n\t\t\t\t\t<\/a>\n\t\t\t\t<\/div>\n\t\t\t\t\t\t\t\t<\/div>\n\t\t\t\t<\/div>\n\t\t\t\t<div class=\"elementor-element elementor-element-ab31033 elementor-widget elementor-widget-text-editor\" data-id=\"ab31033\" data-element_type=\"widget\" data-e-type=\"widget\" data-widget_type=\"text-editor.default\">\n\t\t\t\t<div class=\"elementor-widget-container\">\n\t\t\t\t\t\t\t\t\t<p>Medisch<\/p>\t\t\t\t\t\t\t\t<\/div>\n\t\t\t\t<\/div>\n\t\t\t\t\t<\/div>\n\t\t<\/div>\n\t\t\t\t\t<\/div>\n\t\t<\/section>\n\t\t\t\t\t<\/div>\n\t\t<\/div>\n\t\t\t\t\t<\/div>\n\t\t<\/section>\n\t\t\t\t<section class=\"elementor-section elementor-top-section elementor-element elementor-element-5a040b8 elementor-section-boxed elementor-section-height-default elementor-section-height-default\" data-id=\"5a040b8\" data-element_type=\"section\" data-e-type=\"section\">\n\t\t\t\t\t\t<div class=\"elementor-container elementor-column-gap-default\">\n\t\t\t\t\t<div class=\"elementor-column elementor-col-100 elementor-top-column elementor-element elementor-element-c76cc04\" data-id=\"c76cc04\" data-element_type=\"column\" data-e-type=\"column\">\n\t\t\t<div class=\"elementor-widget-wrap elementor-element-populated\">\n\t\t\t\t\t\t<section class=\"elementor-section elementor-inner-section elementor-element elementor-element-a4d52d8 elementor-section-boxed elementor-section-height-default elementor-section-height-default\" data-id=\"a4d52d8\" data-element_type=\"section\" data-e-type=\"section\">\n\t\t\t\t\t\t<div class=\"elementor-container elementor-column-gap-default\">\n\t\t\t\t\t<div class=\"elementor-column elementor-col-50 elementor-inner-column elementor-element elementor-element-5399bf8\" data-id=\"5399bf8\" data-element_type=\"column\" data-e-type=\"column\">\n\t\t\t<div class=\"elementor-widget-wrap elementor-element-populated\">\n\t\t\t\t\t\t<div class=\"elementor-element elementor-element-7714529 elementor-widget elementor-widget-image\" data-id=\"7714529\" data-element_type=\"widget\" data-e-type=\"widget\" data-widget_type=\"image.default\">\n\t\t\t\t<div class=\"elementor-widget-container\">\n\t\t\t\t\t\t\t\t\t\t\t\t\t\t\t<img loading=\"lazy\" decoding=\"async\" width=\"300\" height=\"300\" src=\"https:\/\/bunkermuseumantwerpen.be\/wp-content\/uploads\/2023\/06\/cropped-cropped-cropped-cropped-fbg-mag-1.webp\" class=\"attachment-large size-large wp-image-4759\" alt=\"\" srcset=\"https:\/\/bunkermuseumantwerpen.be\/wp-content\/uploads\/2023\/06\/cropped-cropped-cropped-cropped-fbg-mag-1.webp 300w, https:\/\/bunkermuseumantwerpen.be\/wp-content\/uploads\/2023\/06\/cropped-cropped-cropped-cropped-fbg-mag-1-150x150.webp 150w, https:\/\/bunkermuseumantwerpen.be\/wp-content\/uploads\/2023\/06\/cropped-cropped-cropped-cropped-fbg-mag-1-12x12.webp 12w\" sizes=\"(max-width: 300px) 100vw, 300px\" \/>\t\t\t\t\t\t\t\t\t\t\t\t\t\t\t<\/div>\n\t\t\t\t<\/div>\n\t\t\t\t\t<\/div>\n\t\t<\/div>\n\t\t\t\t<div class=\"elementor-column elementor-col-50 elementor-inner-column elementor-element elementor-element-5428b7f\" data-id=\"5428b7f\" data-element_type=\"column\" data-e-type=\"column\">\n\t\t\t<div class=\"elementor-widget-wrap elementor-element-populated\">\n\t\t\t\t\t\t<div class=\"elementor-element elementor-element-8e625ea elementor-widget elementor-widget-heading\" data-id=\"8e625ea\" data-element_type=\"widget\" data-e-type=\"widget\" data-widget_type=\"heading.default\">\n\t\t\t\t<div class=\"elementor-widget-container\">\n\t\t\t\t\t<h2 class=\"elementor-heading-title elementor-size-default\">Atlantikwall sites in Belgi\u00eb.<\/h2>\t\t\t\t<\/div>\n\t\t\t\t<\/div>\n\t\t\t\t<div class=\"elementor-element elementor-element-0e05b92 elementor-widget elementor-widget-text-editor\" data-id=\"0e05b92\" data-element_type=\"widget\" data-e-type=\"widget\" data-widget_type=\"text-editor.default\">\n\t\t\t\t<div class=\"elementor-widget-container\">\n\t\t\t\t\t\t\t\t\t<p>Op <span style=\"text-decoration: underline;\"><a href=\"https:\/\/fortsandbunkersgroup.wordpress.com\/\" target=\"_blank\" rel=\"noopener\">de website van de &#8220;Forts and Bunkers Group&#8221;<\/a><\/span> vindt u informatie en een lijst van vele sites die onder het bevel stonden van het hoofdkwartier in Antwerpen. Op hun &#8220;links&#8221; pagina zijn ook talloze interessante links te vinden rond de Atlantikwall.\u00a0<\/p>\t\t\t\t\t\t\t\t<\/div>\n\t\t\t\t<\/div>\n\t\t\t\t\t<\/div>\n\t\t<\/div>\n\t\t\t\t\t<\/div>\n\t\t<\/section>\n\t\t\t\t\t<\/div>\n\t\t<\/div>\n\t\t\t\t\t<\/div>\n\t\t<\/section>\n\t\t\t\t<\/div>\n\t\t","protected":false},"excerpt":{"rendered":"<p>Bunkerdorp Van de vele constructies die tijdens W.O.2 in Park den Brandt en op het Wilrijkse plein verschenen blijven enkel de stevige bunkers over. Vanaf 1942 werden voor het hoofdkwartier van het 89ste Legerkorps rond Park den Brandt woningen opge\u00ebist voor het inkwartieren van de\u00a0Duitse militairen. Om hun taak onder vuur te kunnen uitvoeren zouden [&hellip;]<\/p>\n","protected":false},"author":1,"featured_media":0,"parent":0,"menu_order":0,"comment_status":"closed","ping_status":"closed","template":"","meta":{"_bbp_topic_count":0,"_bbp_reply_count":0,"_bbp_total_topic_count":0,"_bbp_total_reply_count":0,"_bbp_voice_count":0,"_bbp_anonymous_reply_count":0,"_bbp_topic_count_hidden":0,"_bbp_reply_count_hidden":0,"_bbp_forum_subforum_count":0,"site-sidebar-layout":"no-sidebar","site-content-layout":"page-builder","ast-site-content-layout":"default","site-content-style":"default","site-sidebar-style":"default","ast-global-header-display":"","ast-banner-title-visibility":"","ast-main-header-display":"","ast-hfb-above-header-display":"","ast-hfb-below-header-display":"","ast-hfb-mobile-header-display":"","site-post-title":"disabled","ast-breadcrumbs-content":"","ast-featured-img":"disabled","footer-sml-layout":"","ast-disable-related-posts":"","theme-transparent-header-meta":"","adv-header-id-meta":"","stick-header-meta":"","header-above-stick-meta":"","header-main-stick-meta":"","header-below-stick-meta":"","astra-migrate-meta-layouts":"default","ast-page-background-enabled":"default","ast-page-background-meta":{"desktop":{"background-color":"var(--ast-global-color-4)","background-image":"","background-repeat":"repeat","background-position":"center center","background-size":"auto","background-attachment":"scroll","background-type":"","background-media":"","overlay-type":"","overlay-color":"","overlay-opacity":"","overlay-gradient":""},"tablet":{"background-color":"","background-image":"","background-repeat":"repeat","background-position":"center center","background-size":"auto","background-attachment":"scroll","background-type":"","background-media":"","overlay-type":"","overlay-color":"","overlay-opacity":"","overlay-gradient":""},"mobile":{"background-color":"","background-image":"","background-repeat":"repeat","background-position":"center center","background-size":"auto","background-attachment":"scroll","background-type":"","background-media":"","overlay-type":"","overlay-color":"","overlay-opacity":"","overlay-gradient":""}},"ast-content-background-meta":{"desktop":{"background-color":"var(--ast-global-color-5)","background-image":"","background-repeat":"repeat","background-position":"center center","background-size":"auto","background-attachment":"scroll","background-type":"","background-media":"","overlay-type":"","overlay-color":"","overlay-opacity":"","overlay-gradient":""},"tablet":{"background-color":"var(--ast-global-color-5)","background-image":"","background-repeat":"repeat","background-position":"center center","background-size":"auto","background-attachment":"scroll","background-type":"","background-media":"","overlay-type":"","overlay-color":"","overlay-opacity":"","overlay-gradient":""},"mobile":{"background-color":"var(--ast-global-color-5)","background-image":"","background-repeat":"repeat","background-position":"center center","background-size":"auto","background-attachment":"scroll","background-type":"","background-media":"","overlay-type":"","overlay-color":"","overlay-opacity":"","overlay-gradient":""}},"footnotes":""},"class_list":["post-1887","page","type-page","status-publish","hentry"],"jetpack-related-posts":[],"jetpack_sharing_enabled":true,"_links":{"self":[{"href":"https:\/\/bunkermuseumantwerpen.be\/en\/wp-json\/wp\/v2\/pages\/1887","targetHints":{"allow":["GET"]}}],"collection":[{"href":"https:\/\/bunkermuseumantwerpen.be\/en\/wp-json\/wp\/v2\/pages"}],"about":[{"href":"https:\/\/bunkermuseumantwerpen.be\/en\/wp-json\/wp\/v2\/types\/page"}],"author":[{"embeddable":true,"href":"https:\/\/bunkermuseumantwerpen.be\/en\/wp-json\/wp\/v2\/users\/1"}],"replies":[{"embeddable":true,"href":"https:\/\/bunkermuseumantwerpen.be\/en\/wp-json\/wp\/v2\/comments?post=1887"}],"version-history":[{"count":181,"href":"https:\/\/bunkermuseumantwerpen.be\/en\/wp-json\/wp\/v2\/pages\/1887\/revisions"}],"predecessor-version":[{"id":5963,"href":"https:\/\/bunkermuseumantwerpen.be\/en\/wp-json\/wp\/v2\/pages\/1887\/revisions\/5963"}],"wp:attachment":[{"href":"https:\/\/bunkermuseumantwerpen.be\/en\/wp-json\/wp\/v2\/media?parent=1887"}],"curies":[{"name":"wp","href":"https:\/\/api.w.org\/{rel}","templated":true}]}}